{"id":335,"date":"2011-10-24T05:04:22","date_gmt":"2011-10-24T05:04:22","guid":{"rendered":"http:\/\/www.vallelian.net\/sps\/wordpress\/?page_id=335"},"modified":"2015-09-19T16:40:49","modified_gmt":"2015-09-19T16:40:49","slug":"tsa","status":"publish","type":"page","link":"https:\/\/www.spsressources.ch\/wordpress\/?page_id=335","title":{"rendered":"Autisme et TSA"},"content":{"rendered":"<p><strong>TSA<\/strong><\/p>\n<p><strong>Livres \u00e9crits par des personnes autistes<\/strong>\u00a0:<\/p>\n<ul>\n<li><strong>Je suis \u00e0 l&rsquo;EST<\/strong>, Joseph Schovanec, PLON, 2012<\/li>\n<\/ul>\n<p><a href=\"http:\/\/www.spsressources.ch\/wordpress\/wp-content\/uploads\/2011\/10\/Image-73.png\"><img loading=\"lazy\" decoding=\"async\" class=\"aligncenter\" title=\"Image 7\" src=\"http:\/\/www.spsressources.ch\/wordpress\/wp-content\/uploads\/2011\/10\/Image-73-188x300.png\" alt=\"\" width=\"188\" height=\"300\" \/><\/a><\/p>\n<ul>\n<li><strong>L&#8217;empreur c&rsquo;est moi<\/strong>, Hugo Horiot, L&rsquo;Iconoclaste, 2013<\/li>\n<\/ul>\n<p><a href=\"http:\/\/www.spsressources.ch\/wordpress\/wp-content\/uploads\/2011\/10\/Image-93.png\"><img loading=\"lazy\" decoding=\"async\" class=\"aligncenter\" title=\"Image 9\" src=\"http:\/\/www.spsressources.ch\/wordpress\/wp-content\/uploads\/2011\/10\/Image-93-228x300.png\" alt=\"\" width=\"160\" height=\"210\" \/><\/a><\/p>\n<ul>\n<li>\u00a0<strong>Ma vie d&rsquo;autiste<\/strong>, Temple Grandin, Editions Odile Jacob poches, 2001\u00a0<em><strong><\/strong><\/em><\/li>\n<\/ul>\n<p style=\"text-align: center;\"><span style=\"font-size: small;\"><a href=\"http:\/\/www.spsressources.ch\/wordpress\/wp-content\/uploads\/2011\/10\/Image-100.png\"><img loading=\"lazy\" decoding=\"async\" class=\"alignnone size-full wp-image-13100\" title=\"Image 100\" src=\"http:\/\/www.spsressources.ch\/wordpress\/wp-content\/uploads\/2011\/10\/Image-100.png\" alt=\"\" width=\"172\" height=\"295\" \/><\/a><br \/>\n<\/span><\/p>\n<ul>\n<li>\u00a0<strong>Si on me touche, je n\u2019existe plus<\/strong>, Donna Williams (J\u2019AI\u00a0 LU 2009)<a href=\"http:\/\/www.spsressources.ch\/wordpress\/wp-content\/uploads\/2011\/10\/Image-101.png\"><img loading=\"lazy\" decoding=\"async\" class=\"size-full wp-image-13102 aligncenter\" title=\"Image 101\" src=\"http:\/\/www.spsressources.ch\/wordpress\/wp-content\/uploads\/2011\/10\/Image-101.png\" alt=\"\" width=\"126\" height=\"205\" srcset=\"https:\/\/www.spsressources.ch\/wordpress\/wp-content\/uploads\/2011\/10\/Image-101.png 210w, https:\/\/www.spsressources.ch\/wordpress\/wp-content\/uploads\/2011\/10\/Image-101-184x300.png 184w\" sizes=\"auto, (max-width: 126px) 100vw, 126px\" \/><\/a><\/li>\n<li><strong>Thinking in pictures my life with autims<\/strong>, temple Grandin,<\/li>\n<li><strong><img loading=\"lazy\" decoding=\"async\" class=\"aligncenter\" title=\"Image 24\" src=\"http:\/\/www.spsressources.ch\/wordpress\/wp-content\/uploads\/2011\/10\/Image-24.png\" alt=\"\" width=\"176\" height=\"273\" \/><\/strong>\n<ul>\n<li><strong>L&rsquo;interpr\u00e8te des animaux<\/strong>, Temple Grandin, Odile Jacob,\u00a0<img loading=\"lazy\" decoding=\"async\" class=\"aligncenter\" title=\"Image 25\" src=\"http:\/\/www.spsressources.ch\/wordpress\/wp-content\/uploads\/2011\/10\/Image-252.png\" alt=\"\" width=\"114\" height=\"185\" \/><\/li>\n<\/ul>\n<\/li>\n<li><strong>Je suis n\u00e9 un jour bleu<\/strong>, Daniel Tammet (J\u2019AI LU 2010)\u00a0<img loading=\"lazy\" decoding=\"async\" class=\"aligncenter\" title=\"Image 62\" src=\"http:\/\/www.vallelian.net\/sps\/wordpress\/wp-content\/uploads\/2011\/10\/Image-621.png\" alt=\"\" width=\"190\" height=\"305\" \/><\/li>\n<\/ul>\n<p><strong>\u00a0DIVERS\u00a0<\/strong><\/p>\n<ul>\n<li>\u00a0\u00a0<strong>Une personne \u00e0 part enti\u00e8re<\/strong>, Gunilla Gerland (AFD 2004)<\/li>\n<\/ul>\n<p><img loading=\"lazy\" decoding=\"async\" class=\"aligncenter\" title=\"Image 60\" src=\"http:\/\/www.vallelian.net\/sps\/wordpress\/wp-content\/uploads\/2011\/10\/Image-60.png\" alt=\"\" width=\"238\" height=\"355\" \/><\/p>\n<p>&nbsp;<\/p>\n<ul>\n<li>Activit\u00e9s d&rsquo;enseignemnet pour enfants autistes, eric Schopler, Margaret Lansing, Leslie Walters, MASSON 1995<\/li>\n<\/ul>\n<div style=\"text-align: center;\"><span style=\"font-size: small;\"><span class=\"Apple-style-span\" style=\"line-height: 24px;\"><img loading=\"lazy\" decoding=\"async\" class=\"alignnone size-full wp-image-7138\" title=\"Image 43\" src=\"http:\/\/www.spsressources.ch\/wordpress\/wp-content\/uploads\/2011\/10\/Image-435.png\" alt=\"\" width=\"206\" height=\"326\" \/><br \/>\n<\/span><\/span><\/div>\n<ul>\n<li>Livre de sc\u00e9narios sociaux, Carol Gray, futurs Horizons, plein de sc\u00e9narios sociaux p. ex. \u00ab\u00a0mettre et attacher mes souliers,&#8230; <a href=\"http:\/\/www.amazon.fr\/Nouveau-Livre-De-Scenarios-Sociaux\/dp\/1885477422\">Cliquez ici pour feuilleter le livre<\/a><\/li>\n<\/ul>\n<div><span style=\"font-size: small;\"><span class=\"Apple-style-span\" style=\"line-height: 24px;\"><a href=\"http:\/\/www.amazon.fr\/Nouveau-Livre-De-Scenarios-Sociaux\/dp\/1885477422\"><img loading=\"lazy\" decoding=\"async\" class=\"size-full wp-image-7135 aligncenter\" title=\"Image 42\" src=\"http:\/\/www.spsressources.ch\/wordpress\/wp-content\/uploads\/2011\/10\/Image-425.png\" alt=\"\" width=\"249\" height=\"326\" srcset=\"https:\/\/www.spsressources.ch\/wordpress\/wp-content\/uploads\/2011\/10\/Image-425.png 519w, https:\/\/www.spsressources.ch\/wordpress\/wp-content\/uploads\/2011\/10\/Image-425-228x300.png 228w\" sizes=\"auto, (max-width: 249px) 100vw, 249px\" \/><\/a><br \/>\n<\/span><\/span><\/div>\n<ul>\n<li><strong>PEP-3 Profil Psycho-Educatif<\/strong>, Eric Schopler, Margaret Lansing, robert Reichler, Lee Marcus, DE BOEK, 2010, guide d&rsquo;administration et proc\u00e9dures de cotation des items du PEP<\/li>\n<\/ul>\n<div><img loading=\"lazy\" decoding=\"async\" class=\"size-full wp-image-7132 aligncenter\" title=\"Image 41\" src=\"http:\/\/www.spsressources.ch\/wordpress\/wp-content\/uploads\/2011\/10\/Image-413.png\" alt=\"\" width=\"180\" height=\"263\" srcset=\"https:\/\/www.spsressources.ch\/wordpress\/wp-content\/uploads\/2011\/10\/Image-413.png 225w, https:\/\/www.spsressources.ch\/wordpress\/wp-content\/uploads\/2011\/10\/Image-413-205x300.png 205w\" sizes=\"auto, (max-width: 180px) 100vw, 180px\" \/><\/div>\n<div><span style=\"font-size: small;\"><br \/>\n<\/span><\/div>\n<ul>\n<li><strong>Apprivoiser la Jungle de la r\u00e9cr\u00e9ation, <\/strong>Carol Gray, Futurs Horizons,<a href=\"http:\/\/www.amazon.fr\/Apprivoiser-La-Jungle-Cour-Recreation\/dp\/1885477406\">cliquez ici pour feuilleter le livre<\/a>\u00a0,\u00a0conseils et id\u00e9es pour la r\u00e9c\u00e9ation<a href=\"http:\/\/www.spsressources.ch\/wordpress\/wp-content\/uploads\/2011\/10\/Image-402.png\"><img loading=\"lazy\" decoding=\"async\" class=\"size-full wp-image-7128 aligncenter\" title=\"Image 40\" src=\"http:\/\/www.spsressources.ch\/wordpress\/wp-content\/uploads\/2011\/10\/Image-402.png\" alt=\"\" width=\"179\" height=\"248\" \/><\/a><\/li>\n<li style=\"text-align: left;\">\u00a0<strong>Intervenir aupr\u00e8s de groupes d&rsquo;enfants pr\u00e9sentant un trouble du spectre de l&rsquo;autisme<\/strong>. Une approche transdisciplinaire pour les 3 \u00e0 5 ans.<\/li>\n<\/ul>\n<p style=\"text-align: center;\"><span style=\"font-size: small;\"><span class=\"Apple-style-span\" style=\"line-height: 24px;\"><img loading=\"lazy\" decoding=\"async\" class=\"aligncenter size-full wp-image-1897\" title=\"Image 71\" src=\"http:\/\/www.vallelian.net\/sps\/wordpress\/wp-content\/uploads\/2011\/10\/Image-71.png\" alt=\"\" width=\"234\" height=\"304\" srcset=\"https:\/\/www.spsressources.ch\/wordpress\/wp-content\/uploads\/2011\/10\/Image-71.png 334w, https:\/\/www.spsressources.ch\/wordpress\/wp-content\/uploads\/2011\/10\/Image-71-230x300.png 230w\" sizes=\"auto, (max-width: 234px) 100vw, 234px\" \/><\/span><span class=\"Apple-style-span\" style=\"line-height: 24px;\"><br \/>\n<\/span><\/span><\/p>\n<ul>\n<li>\u00a0<strong>L&rsquo;autisme : une autre intelligence<\/strong>. Diagnostic, cognition et support des personnes autistes sans d\u00e9ficience intellectuelle.\u00a0<img loading=\"lazy\" decoding=\"async\" class=\"aligncenter size-full wp-image-1826\" title=\"Image 53\" src=\"http:\/\/www.vallelian.net\/sps\/wordpress\/wp-content\/uploads\/2011\/10\/Image-531.png\" alt=\"\" width=\"203\" height=\"294\" \/><\/li>\n<li>\u00a0<strong>Excentriques, Ph\u00e9nom\u00e8nes et Syndrome d&rsquo;Asperger<\/strong>. Un livre \u00e9crit par un adolescent Asperger de 13 ans. Se lit comme un roman !<\/li>\n<\/ul>\n<p><span class=\"Apple-style-span\" style=\"font-size: 16px; color: #444444; font-family: Georgia, 'Bitstream Charter', serif; line-height: 24px;\"><img loading=\"lazy\" decoding=\"async\" class=\"aligncenter size-full wp-image-1828\" title=\"Image 55\" src=\"http:\/\/www.vallelian.net\/sps\/wordpress\/wp-content\/uploads\/2011\/10\/Image-55.png\" alt=\"\" width=\"233\" height=\"310\" srcset=\"https:\/\/www.spsressources.ch\/wordpress\/wp-content\/uploads\/2011\/10\/Image-55.png 233w, https:\/\/www.spsressources.ch\/wordpress\/wp-content\/uploads\/2011\/10\/Image-55-225x300.png 225w\" sizes=\"auto, (max-width: 233px) 100vw, 233px\" \/><\/span><\/p>\n<p><span style=\"color: #000000;\"><strong><br \/>\n<\/strong><\/span><\/p>\n<ul>\n<li>Young, R. (adaptation\u00a0: Marie-H\u00e9l\u00e8ne Prud\u2019homme), (2009).\u00a0<strong>Le Syndrome d\u2019Asperger<\/strong>.\u00a0<em>Cl\u00e9s p\u00e9dagogiques<\/em>. Montr\u00e9al\u00a0: Cheneli\u00e8re \u00e9ducation.<\/li>\n<li>Court, pratique, trucs, \u2026<\/li>\n<li>\u00a0<strong>Comprendre les personnes autistes de haut niveau,<\/strong>\u00a0le syndrome d\u2019Asperger \u00e0 l\u2019\u00e9preuve de la clinique, Peter Vermeulen, Dunod (2009)<img loading=\"lazy\" decoding=\"async\" class=\"aligncenter size-full wp-image-1829\" title=\"Image 57\" src=\"http:\/\/www.vallelian.net\/sps\/wordpress\/wp-content\/uploads\/2011\/10\/Image-57.png\" alt=\"\" width=\"212\" height=\"335\" srcset=\"https:\/\/www.spsressources.ch\/wordpress\/wp-content\/uploads\/2011\/10\/Image-57.png 265w, https:\/\/www.spsressources.ch\/wordpress\/wp-content\/uploads\/2011\/10\/Image-57-189x300.png 189w\" sizes=\"auto, (max-width: 212px) 100vw, 212px\" \/>.<\/li>\n<li><strong>(Le bizarre incident du chien pendant la nuit<\/strong>, (2003), Mark Haddon, Pocket.)\u00a0<img loading=\"lazy\" decoding=\"async\" class=\"aligncenter size-full wp-image-1832\" title=\"Image 58\" src=\"http:\/\/www.vallelian.net\/sps\/wordpress\/wp-content\/uploads\/2011\/10\/Image-58.png\" alt=\"\" width=\"196\" height=\"288\" \/><\/li>\n<\/ul>\n<p>&nbsp;<\/p>\n<ul>\n<li><strong>Dis maman, c\u2019est un homme ou un animal,\u00a0<\/strong>Hilde De Clercq\u00a0 (AFD Edition 2005): \u00e9crit par un \u00ab\u00a0parent professionnel\u00a0\u00bb (maman d\u2019un enfant autiste)<img loading=\"lazy\" decoding=\"async\" class=\"aligncenter size-full wp-image-1834\" title=\"Image 59\" src=\"http:\/\/www.vallelian.net\/sps\/wordpress\/wp-content\/uploads\/2011\/10\/Image-59.png\" alt=\"\" width=\"212\" height=\"319\" srcset=\"https:\/\/www.spsressources.ch\/wordpress\/wp-content\/uploads\/2011\/10\/Image-59.png 337w, https:\/\/www.spsressources.ch\/wordpress\/wp-content\/uploads\/2011\/10\/Image-59-200x300.png 200w\" sizes=\"auto, (max-width: 212px) 100vw, 212px\" \/><\/li>\n<\/ul>\n<p>&nbsp;<\/p>\n<ul>\n<li>Le syndrome d&rsquo;Asperger, Cl\u00e9s p\u00e9dagogiques (Ronnie Young, Cheneli\u00e8re \u00e9ducation,2010),<\/li>\n<\/ul>\n<p>&nbsp;<\/p>\n<ul>\n<li><strong>Le syndrome d&rsquo;Asperger et l&rsquo;autisme de haut niveau<\/strong> (Tony Attwood, Dunod, 2003).<\/li>\n<\/ul>\n<p>&nbsp;<\/p>\n<p><img loading=\"lazy\" decoding=\"async\" class=\"aligncenter size-full wp-image-2246\" title=\"Image 5\" src=\"http:\/\/www.vallelian.net\/sps\/wordpress\/wp-content\/uploads\/2011\/10\/Image-510.png\" alt=\"\" width=\"213\" height=\"306\" srcset=\"https:\/\/www.spsressources.ch\/wordpress\/wp-content\/uploads\/2011\/10\/Image-510.png 213w, https:\/\/www.spsressources.ch\/wordpress\/wp-content\/uploads\/2011\/10\/Image-510-208x300.png 208w\" sizes=\"auto, (max-width: 213px) 100vw, 213px\" \/><\/p>\n<ul>\n<li><strong>Autisme, comprendre et agir,<\/strong> Sant\u00e9, \u00e9ducation, ins\u00e9rtion, bernadette Rog\u00e9, Dunod 2008, (\u00a0<span class=\"Apple-style-span\" style=\"font-size: 16px; color: #444444; font-family: Georgia, 'Bitstream Charter', serif; line-height: 24px;\">D\u00e9finir, comprendre aspects cognitifs, \u00e9motionnels et sociaux) \u00e9valuer (pr\u00e9sentation de diff\u00e9rents outils),\u00a0<\/span>intervenir (diff\u00e9rentes approches notamment TEACCH))<\/li>\n<\/ul>\n<p style=\"text-align: center;\"><span class=\"Apple-style-span\" style=\"font-size: 16px; color: #444444; font-family: Georgia, 'Bitstream Charter', serif; line-height: 24px;\">.<strong><a href=\"http:\/\/www.spsressources.ch\/wordpress\/wp-content\/uploads\/2011\/10\/Image-393.png\"><img loading=\"lazy\" decoding=\"async\" class=\"size-full wp-image-7125\" title=\"Image 39\" src=\"http:\/\/www.spsressources.ch\/wordpress\/wp-content\/uploads\/2011\/10\/Image-393.png\" alt=\"\" width=\"197\" height=\"309\" srcset=\"https:\/\/www.spsressources.ch\/wordpress\/wp-content\/uploads\/2011\/10\/Image-393.png 246w, https:\/\/www.spsressources.ch\/wordpress\/wp-content\/uploads\/2011\/10\/Image-393-191x300.png 191w\" sizes=\"auto, (max-width: 197px) 100vw, 197px\" \/><\/a><\/strong><\/span><\/p>\n<ul>\n<li><strong>Comment aider l\u2019enfant autiste,\u00a0<\/strong>Approche psychoth\u00e9rapique et \u00e9ducative, Marie-Dominique Amy, Dunod (2009).\u00a0<img loading=\"lazy\" decoding=\"async\" class=\"aligncenter size-full wp-image-1841\" title=\"Image 63\" src=\"http:\/\/www.vallelian.net\/sps\/wordpress\/wp-content\/uploads\/2011\/10\/Image-63.png\" alt=\"\" width=\"361\" height=\"362\" srcset=\"https:\/\/www.spsressources.ch\/wordpress\/wp-content\/uploads\/2011\/10\/Image-63.png 516w, https:\/\/www.spsressources.ch\/wordpress\/wp-content\/uploads\/2011\/10\/Image-63-150x150.png 150w, https:\/\/www.spsressources.ch\/wordpress\/wp-content\/uploads\/2011\/10\/Image-63-300x300.png 300w\" sizes=\"auto, (max-width: 361px) 100vw, 361px\" \/><\/li>\n<li><span style=\"color: #000000;\"><strong><br \/>\n<\/strong><\/span><\/li>\n<\/ul>\n<p>&nbsp;<\/p>\n<ul>\n<li><strong>Strat\u00e9gies \u00e9ducatives de l\u2019autisme<\/strong>, Eric Schopler, R.-J. Reichler et M. Lansing (MASSON 2002)\u00a0<img loading=\"lazy\" decoding=\"async\" class=\"aligncenter size-full wp-image-1843\" title=\"Image 64\" src=\"http:\/\/www.vallelian.net\/sps\/wordpress\/wp-content\/uploads\/2011\/10\/Image-64.png\" alt=\"\" width=\"234\" height=\"354\" srcset=\"https:\/\/www.spsressources.ch\/wordpress\/wp-content\/uploads\/2011\/10\/Image-64.png 334w, https:\/\/www.spsressources.ch\/wordpress\/wp-content\/uploads\/2011\/10\/Image-64-198x300.png 198w\" sizes=\"auto, (max-width: 234px) 100vw, 234px\" \/><\/li>\n<li><strong>L\u2019Enigme de l\u2019autisme<\/strong>, Uta Frith (ODILE JACOB 2010)<img loading=\"lazy\" decoding=\"async\" class=\"aligncenter size-full wp-image-1844\" title=\"Image 66\" src=\"http:\/\/www.vallelian.net\/sps\/wordpress\/wp-content\/uploads\/2011\/10\/Image-66.png\" alt=\"\" width=\"236\" height=\"358\" srcset=\"https:\/\/www.spsressources.ch\/wordpress\/wp-content\/uploads\/2011\/10\/Image-66.png 337w, https:\/\/www.spsressources.ch\/wordpress\/wp-content\/uploads\/2011\/10\/Image-66-197x300.png 197w\" sizes=\"auto, (max-width: 236px) 100vw, 236px\" \/><\/li>\n<li><strong>Mon enfant est autiste<\/strong>, P. Vermeulen, S. Degrieck (DE BOECK 2010)\u00a0V<em><strong>\u00e9ronique<\/strong><\/em><img loading=\"lazy\" decoding=\"async\" class=\"aligncenter size-full wp-image-1845\" title=\"Image 67\" src=\"http:\/\/www.vallelian.net\/sps\/wordpress\/wp-content\/uploads\/2011\/10\/Image-67.png\" alt=\"\" width=\"191\" height=\"275\" srcset=\"https:\/\/www.spsressources.ch\/wordpress\/wp-content\/uploads\/2011\/10\/Image-67.png 273w, https:\/\/www.spsressources.ch\/wordpress\/wp-content\/uploads\/2011\/10\/Image-67-208x300.png 208w\" sizes=\"auto, (max-width: 191px) 100vw, 191px\" \/><\/li>\n<li>\u00a0<strong>L\u2019autisme de la compr\u00e9hension \u00e0 l\u2019intervention<\/strong>, T. Peeters (DUNOD 1996)<img loading=\"lazy\" decoding=\"async\" class=\"aligncenter size-full wp-image-1846\" title=\"Image 68\" src=\"http:\/\/www.vallelian.net\/sps\/wordpress\/wp-content\/uploads\/2011\/10\/Image-68.png\" alt=\"\" width=\"251\" height=\"363\" srcset=\"https:\/\/www.spsressources.ch\/wordpress\/wp-content\/uploads\/2011\/10\/Image-68.png 358w, https:\/\/www.spsressources.ch\/wordpress\/wp-content\/uploads\/2011\/10\/Image-68-207x300.png 207w\" sizes=\"auto, (max-width: 251px) 100vw, 251px\" \/><\/li>\n<li>\u00a0<strong>Le syndrome d\u2019Asperger<\/strong>, T. Attwood (DE BOECK 2009)<img loading=\"lazy\" decoding=\"async\" class=\"aligncenter size-full wp-image-1864\" title=\"Capture d\u2019\u00e9cran 2011-11-30 \u00e0 13.56.37\" src=\"http:\/\/www.vallelian.net\/sps\/wordpress\/wp-content\/uploads\/2011\/10\/Capture-d\u2019\u00e9cran-2011-11-30-\u00e0-13.56.37.png\" alt=\"\" width=\"203\" height=\"306\" srcset=\"https:\/\/www.spsressources.ch\/wordpress\/wp-content\/uploads\/2011\/10\/Capture-d\u2019\u00e9cran-2011-11-30-\u00e0-13.56.37.png 203w, https:\/\/www.spsressources.ch\/wordpress\/wp-content\/uploads\/2011\/10\/Capture-d\u2019\u00e9cran-2011-11-30-\u00e0-13.56.37-199x300.png 199w\" sizes=\"auto, (max-width: 203px) 100vw, 203px\" \/><\/li>\n<li><strong>Autisme, le d\u00e9fi du programme TEACCH<\/strong>, (PRO AID AUTISME 1995)<img loading=\"lazy\" decoding=\"async\" class=\"aligncenter size-full wp-image-1866\" title=\"Capture d\u2019\u00e9cran 2011-11-30 \u00e0 13.57.48\" src=\"http:\/\/www.vallelian.net\/sps\/wordpress\/wp-content\/uploads\/2011\/10\/Capture-d\u2019\u00e9cran-2011-11-30-\u00e0-13.57.48.png\" alt=\"\" width=\"216\" height=\"318\" srcset=\"https:\/\/www.spsressources.ch\/wordpress\/wp-content\/uploads\/2011\/10\/Capture-d\u2019\u00e9cran-2011-11-30-\u00e0-13.57.48.png 216w, https:\/\/www.spsressources.ch\/wordpress\/wp-content\/uploads\/2011\/10\/Capture-d\u2019\u00e9cran-2011-11-30-\u00e0-13.57.48-203x300.png 203w\" sizes=\"auto, (max-width: 216px) 100vw, 216px\" \/><\/li>\n<li>\u00a0<strong>Comment pense une personne autiste<\/strong>, P. Vermeulen (DUNOD 2005)<img loading=\"lazy\" decoding=\"async\" class=\"aligncenter size-full wp-image-1867\" title=\"Capture d\u2019\u00e9cran 2011-11-30 \u00e0 13.58.32\" src=\"http:\/\/www.vallelian.net\/sps\/wordpress\/wp-content\/uploads\/2011\/10\/Capture-d\u2019\u00e9cran-2011-11-30-\u00e0-13.58.32.png\" alt=\"\" width=\"206\" height=\"312\" srcset=\"https:\/\/www.spsressources.ch\/wordpress\/wp-content\/uploads\/2011\/10\/Capture-d\u2019\u00e9cran-2011-11-30-\u00e0-13.58.32.png 206w, https:\/\/www.spsressources.ch\/wordpress\/wp-content\/uploads\/2011\/10\/Capture-d\u2019\u00e9cran-2011-11-30-\u00e0-13.58.32-198x300.png 198w\" sizes=\"auto, (max-width: 206px) 100vw, 206px\" \/><\/li>\n<li>\u00a0<strong>L\u2019autisme<\/strong>, C. Tardif, B. Gepner (ARMAND COLIN 2010<img loading=\"lazy\" decoding=\"async\" class=\"aligncenter size-full wp-image-1868\" title=\"Capture d\u2019\u00e9cran 2011-11-30 \u00e0 13.59.29\" src=\"http:\/\/www.vallelian.net\/sps\/wordpress\/wp-content\/uploads\/2011\/10\/Capture-d\u2019\u00e9cran-2011-11-30-\u00e0-13.59.29.png\" alt=\"\" width=\"164\" height=\"223\" srcset=\"https:\/\/www.spsressources.ch\/wordpress\/wp-content\/uploads\/2011\/10\/Capture-d\u2019\u00e9cran-2011-11-30-\u00e0-13.59.29.png 234w, https:\/\/www.spsressources.ch\/wordpress\/wp-content\/uploads\/2011\/10\/Capture-d\u2019\u00e9cran-2011-11-30-\u00e0-13.59.29-220x300.png 220w\" sizes=\"auto, (max-width: 164px) 100vw, 164px\" \/><\/li>\n<li>\u00a0<strong>Troubles envahissants du d\u00e9veloppement, Guide de strat\u00e9gies psycho\u00e9ducatives\u00a0\u00a0<\/strong>S. Mineau + \u2026 (CHU SAINTE-JUSTINE 2008)\u00a0<img loading=\"lazy\" decoding=\"async\" class=\"aligncenter size-full wp-image-1869\" title=\"Capture d\u2019\u00e9cran 2011-11-30 \u00e0 14.00.37\" src=\"http:\/\/www.vallelian.net\/sps\/wordpress\/wp-content\/uploads\/2011\/10\/Capture-d\u2019\u00e9cran-2011-11-30-\u00e0-14.00.37.png\" alt=\"\" width=\"212\" height=\"299\" \/><\/li>\n<\/ul>\n<p><span style=\"color: #000000;\"><strong><br \/>\n<\/strong><\/span><\/p>\n<ul>\n<li>Moi, l&rsquo;enfant autiste, Jduy Barron et Sean Barron, J&rsquo;a lu, t\u00e9moignage<br \/>\n<img loading=\"lazy\" decoding=\"async\" class=\"aligncenter size-full wp-image-1871\" title=\"Capture d\u2019\u00e9cran 2011-11-30 \u00e0 14.01.15\" src=\"http:\/\/www.vallelian.net\/sps\/wordpress\/wp-content\/uploads\/2011\/10\/Capture-d\u2019\u00e9cran-2011-11-30-\u00e0-14.01.15.png\" alt=\"\" width=\"215\" height=\"313\" srcset=\"https:\/\/www.spsressources.ch\/wordpress\/wp-content\/uploads\/2011\/10\/Capture-d\u2019\u00e9cran-2011-11-30-\u00e0-14.01.15.png 215w, https:\/\/www.spsressources.ch\/wordpress\/wp-content\/uploads\/2011\/10\/Capture-d\u2019\u00e9cran-2011-11-30-\u00e0-14.01.15-206x300.png 206w\" sizes=\"auto, (max-width: 215px) 100vw, 215px\" \/><\/li>\n<li>\u00a0<strong>Accompagner un enfant autiste,\u00a0<\/strong>guide pour les parents et les intervenants, Nathalie Poirier et Catherine Kozminski, Chronique Social\u00a0<img loading=\"lazy\" decoding=\"async\" class=\"aligncenter size-full wp-image-1872\" title=\"Capture d\u2019\u00e9cran 2011-11-30 \u00e0 14.02.07\" src=\"http:\/\/www.vallelian.net\/sps\/wordpress\/wp-content\/uploads\/2011\/10\/Capture-d\u2019\u00e9cran-2011-11-30-\u00e0-14.02.07.png\" alt=\"\" width=\"225\" height=\"318\" srcset=\"https:\/\/www.spsressources.ch\/wordpress\/wp-content\/uploads\/2011\/10\/Capture-d\u2019\u00e9cran-2011-11-30-\u00e0-14.02.07.png 225w, https:\/\/www.spsressources.ch\/wordpress\/wp-content\/uploads\/2011\/10\/Capture-d\u2019\u00e9cran-2011-11-30-\u00e0-14.02.07-212x300.png 212w\" sizes=\"auto, (max-width: 225px) 100vw, 225px\" \/><\/li>\n<li><strong>Autisme et pratiques d\u2019intervention<\/strong>, Sous la direction de Carole Tardif, Solal\u00a0<img loading=\"lazy\" decoding=\"async\" class=\"aligncenter size-full wp-image-1874\" title=\"Capture d\u2019\u00e9cran 2011-11-30 \u00e0 14.03.00\" src=\"http:\/\/www.vallelian.net\/sps\/wordpress\/wp-content\/uploads\/2011\/10\/Capture-d\u2019\u00e9cran-2011-11-30-\u00e0-14.03.00.png\" alt=\"\" width=\"211\" height=\"317\" srcset=\"https:\/\/www.spsressources.ch\/wordpress\/wp-content\/uploads\/2011\/10\/Capture-d\u2019\u00e9cran-2011-11-30-\u00e0-14.03.00.png 211w, https:\/\/www.spsressources.ch\/wordpress\/wp-content\/uploads\/2011\/10\/Capture-d\u2019\u00e9cran-2011-11-30-\u00e0-14.03.00-199x300.png 199w\" sizes=\"auto, (max-width: 211px) 100vw, 211px\" \/><\/li>\n<li>\u00a0<strong>L\u2019autisme de la compr\u00e9hension \u00e0 l\u2019intervention<\/strong>, T. Peeters (DUNOD 1996)<br \/>\n<img loading=\"lazy\" decoding=\"async\" title=\"Image 68\" src=\"http:\/\/www.vallelian.net\/sps\/wordpress\/wp-content\/uploads\/2011\/10\/Image-68.png\" alt=\"\" width=\"251\" height=\"363\" \/><\/li>\n<\/ul>\n<div>\n<div><span style=\"font-size: xx-small;\"><span class=\"Apple-style-span\" style=\"line-height: 15px;\"><br \/>\n<\/span><\/span><\/div>\n<\/div>\n<p><strong><br \/>\n<\/strong><\/p>\n<h1><span class=\"Apple-style-span\" style=\"color: #444444; font-size: 16px; line-height: 24px;\">.<\/span><\/h1>\n<div>\n<div>\n<div id=\"listauthors\">\n<p>&nbsp;<\/p>\n<\/div>\n<\/div>\n<\/div>\n","protected":false},"excerpt":{"rendered":"<p>TSA Livres \u00e9crits par des personnes autistes\u00a0: Je suis \u00e0 l&rsquo;EST, Joseph Schovanec, PLON, 2012 L&#8217;empreur c&rsquo;est moi, Hugo Horiot, L&rsquo;Iconoclaste, 2013 \u00a0Ma vie d&rsquo;autiste, Temple Grandin, Editions Odile Jacob poches, 2001\u00a0 \u00a0Si on me touche, je n\u2019existe plus, Donna &hellip; <a href=\"https:\/\/www.spsressources.ch\/wordpress\/?page_id=335\">Continuer la lecture <span class=\"meta-nav\">&rarr;<\/span><\/a><\/p>\n","protected":false},"author":3472,"featured_media":0,"parent":68,"menu_order":2,"comment_status":"open","ping_status":"closed","template":"","meta":{"footnotes":""},"class_list":["post-335","page","type-page","status-publish","hentry"],"_links":{"self":[{"href":"https:\/\/www.spsressources.ch\/wordpress\/index.php?rest_route=\/wp\/v2\/pages\/335","targetHints":{"allow":["GET"]}}],"collection":[{"href":"https:\/\/www.spsressources.ch\/wordpress\/index.php?rest_route=\/wp\/v2\/pages"}],"about":[{"href":"https:\/\/www.spsressources.ch\/wordpress\/index.php?rest_route=\/wp\/v2\/types\/page"}],"author":[{"embeddable":true,"href":"https:\/\/www.spsressources.ch\/wordpress\/index.php?rest_route=\/wp\/v2\/users\/3472"}],"replies":[{"embeddable":true,"href":"https:\/\/www.spsressources.ch\/wordpress\/index.php?rest_route=%2Fwp%2Fv2%2Fcomments&post=335"}],"version-history":[{"count":70,"href":"https:\/\/www.spsressources.ch\/wordpress\/index.php?rest_route=\/wp\/v2\/pages\/335\/revisions"}],"predecessor-version":[{"id":337,"href":"https:\/\/www.spsressources.ch\/wordpress\/index.php?rest_route=\/wp\/v2\/pages\/335\/revisions\/337"}],"up":[{"embeddable":true,"href":"https:\/\/www.spsressources.ch\/wordpress\/index.php?rest_route=\/wp\/v2\/pages\/68"}],"wp:attachment":[{"href":"https:\/\/www.spsressources.ch\/wordpress\/index.php?rest_route=%2Fwp%2Fv2%2Fmedia&parent=335"}],"curies":[{"name":"wp","href":"https:\/\/api.w.org\/{rel}","templated":true}]}}