{"id":2371,"date":"2011-12-08T08:22:30","date_gmt":"2011-12-08T08:22:30","guid":{"rendered":"http:\/\/www.vallelian.net\/sps\/wordpress\/?page_id=2371"},"modified":"2021-08-01T05:37:30","modified_gmt":"2021-08-01T05:37:30","slug":"ressources-administratives","status":"publish","type":"page","link":"https:\/\/www.spsressources.ch\/wordpress\/?page_id=2371","title":{"rendered":"Arr\u00eat\u00e9s, directives et instruments cantonaux"},"content":{"rendered":"<ul>\n<li style=\"list-style-type: none;\">\n<ul>\n<li><a href=\"https:\/\/www.ne.ch\/legislation-jurisprudence\/pubfo\/ArrRegCE\/Documents\/2007\/A_handicap_post_obl.pdf\"><span style=\"text-decoration: underline; color: #800080;\"><span style=\"color: #800080; text-decoration: underline;\">Arr\u00eat\u00e9 cantonal,\u00a0relatif<\/span><span style=\"color: #800080; text-decoration: underline;\"> aux apprenant-e-s ayant des besoins particuliers li\u00e9s \u00e0 un handicap durant la scolarit\u00e9 post-obligatoire, d\u00e9cembre 2007<\/span><\/span><\/a><\/li>\n<li><a href=\"http:\/\/www.spsressources.ch\/wordpress\/wp-content\/uploads\/2011\/12\/handicaps_directives_mai06.pdf\"><span style=\"color: #993300;\"><span style=\"text-decoration: underline;\"><span style=\"color: #800080;\">D<\/span><\/span><span style=\"text-decoration: underline; color: #800080;\">irectives cantonales relatives aux \u00e9l\u00e8ves ayant des besoins particulier, Mai 2006<\/span><\/span><\/a><\/li>\n<li><a href=\"http:\/\/www.ciip.ch\/Plans-detudes-romands\/Plan-detudes-romand-scolarite-obligatoire-PER\/Plan-detudes-romand-PER\"><span style=\"color: #800080;\">Plan d&rsquo;\u00e9tude romand (<strong>PER<\/strong>)<\/span><\/a><\/li>\n<\/ul>\n<\/li>\n<\/ul>\n<ul>\n<li><span style=\"color: #800080;\">Proc\u00e9dure d&rsquo;\u00e9valuation standardis\u00e9e (<a href=\"http:\/\/www.spsressources.ch\/wordpress\/wp-content\/uploads\/2011\/12\/la_PES.pdf\">la_PES<\/a>) : Instrument du concordat sur la p\u00e9dagogie sp\u00e9cialis\u00e9e pour la d\u00e9termination des besoins individuels en vue de\u00a0l\u2019attribution de mesures renforc\u00e9es,\u00a0Manuel,\u00a0Judith Hollenweger, Peter Lienhard | Berne 2011, CDIP<\/span><\/li>\n<li><span style=\"color: #800080;\"><a href=\"https:\/\/edudoc.ch\/static\/web\/arbeiten\/sonderpaed\/terminologie_f.pdf\">Terminologie uniforme pour le domaine de la p\u00e9dagogie sp\u00e9cialis\u00e9e\u00a0adopt\u00e9e par la CDIP le 25 octobre 2007\u00a0sur la base de l\u2019accord intercantonal sur la collaboration\u00a0dans le domaine de la p\u00e9dagogie sp\u00e9cialis\u00e9ee<\/a><\/span><\/li>\n<\/ul>\n","protected":false},"excerpt":{"rendered":"<p>Arr\u00eat\u00e9 cantonal,\u00a0relatif aux apprenant-e-s ayant des besoins particuliers li\u00e9s \u00e0 un handicap durant la scolarit\u00e9 post-obligatoire, d\u00e9cembre 2007 Directives cantonales relatives aux \u00e9l\u00e8ves ayant des besoins particulier, Mai 2006 Plan d&rsquo;\u00e9tude romand (PER) Proc\u00e9dure d&rsquo;\u00e9valuation standardis\u00e9e (la_PES) : Instrument du &hellip; <a href=\"https:\/\/www.spsressources.ch\/wordpress\/?page_id=2371\">Continuer la lecture <span class=\"meta-nav\">&rarr;<\/span><\/a><\/p>\n","protected":false},"author":3472,"featured_media":0,"parent":0,"menu_order":0,"comment_status":"open","ping_status":"closed","template":"","meta":{"footnotes":""},"class_list":["post-2371","page","type-page","status-publish","hentry"],"_links":{"self":[{"href":"https:\/\/www.spsressources.ch\/wordpress\/index.php?rest_route=\/wp\/v2\/pages\/2371","targetHints":{"allow":["GET"]}}],"collection":[{"href":"https:\/\/www.spsressources.ch\/wordpress\/index.php?rest_route=\/wp\/v2\/pages"}],"about":[{"href":"https:\/\/www.spsressources.ch\/wordpress\/index.php?rest_route=\/wp\/v2\/types\/page"}],"author":[{"embeddable":true,"href":"https:\/\/www.spsressources.ch\/wordpress\/index.php?rest_route=\/wp\/v2\/users\/3472"}],"replies":[{"embeddable":true,"href":"https:\/\/www.spsressources.ch\/wordpress\/index.php?rest_route=%2Fwp%2Fv2%2Fcomments&post=2371"}],"version-history":[{"count":47,"href":"https:\/\/www.spsressources.ch\/wordpress\/index.php?rest_route=\/wp\/v2\/pages\/2371\/revisions"}],"predecessor-version":[{"id":20846,"href":"https:\/\/www.spsressources.ch\/wordpress\/index.php?rest_route=\/wp\/v2\/pages\/2371\/revisions\/20846"}],"wp:attachment":[{"href":"https:\/\/www.spsressources.ch\/wordpress\/index.php?rest_route=%2Fwp%2Fv2%2Fmedia&parent=2371"}],"curies":[{"name":"wp","href":"https:\/\/api.w.org\/{rel}","templated":true}]}}