{"id":13476,"date":"2015-10-19T12:55:01","date_gmt":"2015-10-19T12:55:01","guid":{"rendered":"http:\/\/www.spsressources.ch\/wordpress\/?page_id=13476"},"modified":"2019-03-21T23:13:46","modified_gmt":"2019-03-21T23:13:46","slug":"les-groupes-de-la-phrases","status":"publish","type":"page","link":"https:\/\/www.spsressources.ch\/wordpress\/?page_id=13476","title":{"rendered":"Crayons aidant \u00e0 retrouver les \u00e9l\u00e9ments grammaticaux consituant la phrase"},"content":{"rendered":"<p style=\"text-align: left;\">Des \u00e9tiquettes coll\u00e9es sur les crayons de couleur correspondant aux diff\u00e9rents \u00e9l\u00e9ments grammaticaux constituant la phrases (SUJET\/VERBE\/CP ET CV) est un support pratique et vite r\u00e9alis\u00e9 !<\/p>\n<p style=\"text-align: left;\">Dans le m\u00eame th\u00e8me voir aussi <a href=\"http:\/\/www.spsressources.ch\/wordpress\/?page_id=492\">la phrase-chenille<\/a>\u00a0et <a href=\"http:\/\/www.spsressources.ch\/wordpress\/?page_id=15376\">la machine \u00e0 analyser les fonctions dans la phrase <\/a>et l<a href=\"http:\/\/www.spsressources.ch\/wordpress\/?page_id=4426 \">es groupes nominaux et cat\u00e9gories de mots<\/a><a href=\"http:\/\/www.spsressources.ch\/wordpress\/wp-content\/uploads\/2015\/10\/Capture-d\u2019\u00e9cran-2015-10-19-\u00e0-14.59.511.png\"><img loading=\"lazy\" decoding=\"async\" class=\"size-full wp-image-13492 aligncenter\" title=\"Capture d\u2019\u00e9cran 2015-10-19 \u00e0 14.59.51\" src=\"http:\/\/www.spsressources.ch\/wordpress\/wp-content\/uploads\/2015\/10\/Capture-d\u2019\u00e9cran-2015-10-19-\u00e0-14.59.511.png\" alt=\"\" width=\"258\" height=\"321\" srcset=\"https:\/\/www.spsressources.ch\/wordpress\/wp-content\/uploads\/2015\/10\/Capture-d\u2019\u00e9cran-2015-10-19-\u00e0-14.59.511.png 430w, https:\/\/www.spsressources.ch\/wordpress\/wp-content\/uploads\/2015\/10\/Capture-d\u2019\u00e9cran-2015-10-19-\u00e0-14.59.511-241x300.png 241w\" sizes=\"auto, (max-width: 258px) 100vw, 258px\" \/><\/a><br \/>\n<span class=\"Apple-style-span\" style=\"font-size: 12px; color: #000000; font-family: Georgia, 'Times New Roman', 'Bitstream Charter', Times, serif; line-height: 18px;\"><img loading=\"lazy\" decoding=\"async\" class=\"size-full wp-image-13480 aligncenter\" title=\"Capture d\u2019\u00e9cran 2015-10-19 \u00e0 14.47.46\" src=\"http:\/\/www.spsressources.ch\/wordpress\/wp-content\/uploads\/2015\/10\/Capture-d\u2019\u00e9cran-2015-10-19-\u00e0-14.47.46.png\" alt=\"\" width=\"349\" height=\"216\" srcset=\"https:\/\/www.spsressources.ch\/wordpress\/wp-content\/uploads\/2015\/10\/Capture-d\u2019\u00e9cran-2015-10-19-\u00e0-14.47.46.png 581w, https:\/\/www.spsressources.ch\/wordpress\/wp-content\/uploads\/2015\/10\/Capture-d\u2019\u00e9cran-2015-10-19-\u00e0-14.47.46-300x185.png 300w\" sizes=\"auto, (max-width: 349px) 100vw, 349px\" \/><\/span>Le crayon accompagne l&rsquo;\u00e9l\u00e8ve et devient un support facilitant la d\u00e9compostion de la phrases et lui permet de retrouver le sujet, le verbe, le CP et le CV plus facilement !<\/p>\n<p style=\"text-align: left;\"><span class=\"Apple-style-span\" style=\"font-size: 12px; color: #000000; font-family: Georgia, 'Times New Roman', 'Bitstream Charter', Times, serif; line-height: 18px;\"><img loading=\"lazy\" decoding=\"async\" class=\"size-full wp-image-13491\" title=\"Capture d\u2019\u00e9cran 2015-10-19 \u00e0 15.00.00\" src=\"http:\/\/www.spsressources.ch\/wordpress\/wp-content\/uploads\/2015\/10\/Capture-d\u2019\u00e9cran-2015-10-19-\u00e0-15.00.001.png\" alt=\"\" width=\"204\" height=\"236\" srcset=\"https:\/\/www.spsressources.ch\/wordpress\/wp-content\/uploads\/2015\/10\/Capture-d\u2019\u00e9cran-2015-10-19-\u00e0-15.00.001.png 425w, https:\/\/www.spsressources.ch\/wordpress\/wp-content\/uploads\/2015\/10\/Capture-d\u2019\u00e9cran-2015-10-19-\u00e0-15.00.001-259x300.png 259w\" sizes=\"auto, (max-width: 204px) 100vw, 204px\" \/><\/span><\/p>\n<p>\u00a0Ici, les questions aidant \u00e0 retrouver le suejt, le CP et le CV ont \u00e9t\u00e9 ajout\u00e9 au dos de l&rsquo;\u00e9tiquette.<\/p>\n<p><img loading=\"lazy\" decoding=\"async\" class=\"size-full wp-image-13503\" style=\"font-size: 12px; line-height: 18px;\" title=\"Capture d\u2019\u00e9cran 2015-10-19 \u00e0 15.10.48\" src=\"http:\/\/www.spsressources.ch\/wordpress\/wp-content\/uploads\/2015\/10\/Capture-d\u2019\u00e9cran-2015-10-19-\u00e0-15.10.48.png\" alt=\"\" width=\"131\" height=\"237\" srcset=\"https:\/\/www.spsressources.ch\/wordpress\/wp-content\/uploads\/2015\/10\/Capture-d\u2019\u00e9cran-2015-10-19-\u00e0-15.10.48.png 219w, https:\/\/www.spsressources.ch\/wordpress\/wp-content\/uploads\/2015\/10\/Capture-d\u2019\u00e9cran-2015-10-19-\u00e0-15.10.48-166x300.png 166w\" sizes=\"auto, (max-width: 131px) 100vw, 131px\" \/><\/p>\n<p>On peut aussi indiquer que le CP peut \u00eatre d\u00e9plac\u00e9 ou supprim\u00e9 !<\/p>\n<p>&nbsp;<\/p>\n","protected":false},"excerpt":{"rendered":"<p>Des \u00e9tiquettes coll\u00e9es sur les crayons de couleur correspondant aux diff\u00e9rents \u00e9l\u00e9ments grammaticaux constituant la phrases (SUJET\/VERBE\/CP ET CV) est un support pratique et vite r\u00e9alis\u00e9 ! Dans le m\u00eame th\u00e8me voir aussi la phrase-chenille\u00a0et la machine \u00e0 analyser les &hellip; <a href=\"https:\/\/www.spsressources.ch\/wordpress\/?page_id=13476\">Continuer la lecture <span class=\"meta-nav\">&rarr;<\/span><\/a><\/p>\n","protected":false},"author":3472,"featured_media":0,"parent":586,"menu_order":0,"comment_status":"open","ping_status":"closed","template":"","meta":{"footnotes":""},"class_list":["post-13476","page","type-page","status-publish","hentry"],"_links":{"self":[{"href":"https:\/\/www.spsressources.ch\/wordpress\/index.php?rest_route=\/wp\/v2\/pages\/13476","targetHints":{"allow":["GET"]}}],"collection":[{"href":"https:\/\/www.spsressources.ch\/wordpress\/index.php?rest_route=\/wp\/v2\/pages"}],"about":[{"href":"https:\/\/www.spsressources.ch\/wordpress\/index.php?rest_route=\/wp\/v2\/types\/page"}],"author":[{"embeddable":true,"href":"https:\/\/www.spsressources.ch\/wordpress\/index.php?rest_route=\/wp\/v2\/users\/3472"}],"replies":[{"embeddable":true,"href":"https:\/\/www.spsressources.ch\/wordpress\/index.php?rest_route=%2Fwp%2Fv2%2Fcomments&post=13476"}],"version-history":[{"count":18,"href":"https:\/\/www.spsressources.ch\/wordpress\/index.php?rest_route=\/wp\/v2\/pages\/13476\/revisions"}],"predecessor-version":[{"id":15496,"href":"https:\/\/www.spsressources.ch\/wordpress\/index.php?rest_route=\/wp\/v2\/pages\/13476\/revisions\/15496"}],"up":[{"embeddable":true,"href":"https:\/\/www.spsressources.ch\/wordpress\/index.php?rest_route=\/wp\/v2\/pages\/586"}],"wp:attachment":[{"href":"https:\/\/www.spsressources.ch\/wordpress\/index.php?rest_route=%2Fwp%2Fv2%2Fmedia&parent=13476"}],"curies":[{"name":"wp","href":"https:\/\/api.w.org\/{rel}","templated":true}]}}