{"id":4426,"date":"2012-08-30T17:51:44","date_gmt":"2012-08-30T17:51:44","guid":{"rendered":"http:\/\/www.spsressources.ch\/wordpress\/?page_id=4426"},"modified":"2019-04-06T04:25:47","modified_gmt":"2019-04-06T04:25:47","slug":"les-categories-de-mots","status":"publish","type":"page","link":"http:\/\/www.spsressources.ch\/wordpress\/?page_id=4426","title":{"rendered":"Mise en bo\u00eete : Le plateau \u00e0 groupes-nominaux"},"content":{"rendered":"<p><strong>La bo\u00eetes bo\u00eetes pour les ranger les mots selon leur nature<\/strong><\/p>\n<p><strong>l&rsquo;armoire et le plateau \u00e0 groupe nominaux<\/strong><\/p>\n<p>(voir aussi <a href=\"http:\/\/www.spsressources.ch\/wordpress\/?page_id=16033\">les bo\u00eetes \u00e0 groupes nominaux et pr\u00e9positionnels<\/a>)<\/p>\n<p style=\"text-align: center;\">Voici une petite armoire pour ranger les mots selon leur nature. Cette armoire a \u00e9t\u00e9 confectionn\u00e9e avec des bo\u00eetes d&rsquo;allumettes.<\/p>\n<p><a href=\"http:\/\/www.spsressources.ch\/wordpress\/wp-content\/uploads\/2012\/08\/IMG_2173-2.jpg\"><img loading=\"lazy\" decoding=\"async\" class=\"wp-image-15211  aligncenter\" src=\"http:\/\/www.spsressources.ch\/wordpress\/wp-content\/uploads\/2012\/08\/IMG_2173-2.jpg\" alt=\"\" width=\"412\" height=\"309\" srcset=\"http:\/\/www.spsressources.ch\/wordpress\/wp-content\/uploads\/2012\/08\/IMG_2173-2.jpg 960w, http:\/\/www.spsressources.ch\/wordpress\/wp-content\/uploads\/2012\/08\/IMG_2173-2-300x225.jpg 300w, http:\/\/www.spsressources.ch\/wordpress\/wp-content\/uploads\/2012\/08\/IMG_2173-2-768x576.jpg 768w\" sizes=\"auto, (max-width: 412px) 100vw, 412px\" \/><\/a><\/p>\n<p style=\"text-align: center;\">Les mots sont ins\u00e9r\u00e9s dans les bonnes bo\u00eetes (ici les pr\u00e9positions)<\/p>\n<p><a href=\"http:\/\/www.spsressources.ch\/wordpress\/wp-content\/uploads\/2019\/03\/IMG_2249.jpg\"><img loading=\"lazy\" decoding=\"async\" class=\"wp-image-15423 size-medium aligncenter\" src=\"http:\/\/www.spsressources.ch\/wordpress\/wp-content\/uploads\/2019\/03\/IMG_2249-300x300.jpg\" alt=\"\" width=\"300\" height=\"300\" srcset=\"http:\/\/www.spsressources.ch\/wordpress\/wp-content\/uploads\/2019\/03\/IMG_2249-300x300.jpg 300w, http:\/\/www.spsressources.ch\/wordpress\/wp-content\/uploads\/2019\/03\/IMG_2249-150x150.jpg 150w, http:\/\/www.spsressources.ch\/wordpress\/wp-content\/uploads\/2019\/03\/IMG_2249.jpg 720w\" sizes=\"auto, (max-width: 300px) 100vw, 300px\" \/><\/a><\/p>\n<p style=\"text-align: center;\">La poign\u00e9e des tiroirs est faite \u00e0 l&rsquo;aide d&rsquo;une agrafe parisienne. C&rsquo;est tout simple !<\/p>\n<p><img loading=\"lazy\" decoding=\"async\" class=\"wp-image-15237  aligncenter\" style=\"font-size: 12px; line-height: 18px;\" src=\"http:\/\/www.spsressources.ch\/wordpress\/wp-content\/uploads\/2018\/10\/IMG_2215-150x150.jpg\" alt=\"\" width=\"179\" height=\"179\" \/><\/p>\n<p style=\"text-align: center;\">Les noms (\u00e9l\u00e9ment principal du groupe nominal) sont ici constitu\u00e9s d&rsquo;images et non de mots afin d&rsquo;aider l&rsquo;enfant \u00e0 se faire une meilleure repr\u00e9sentation mentale du groupe nominal<\/p>\n<p><a href=\"http:\/\/www.spsressources.ch\/wordpress\/wp-content\/uploads\/2019\/03\/IMG_2342.jpg\"><img loading=\"lazy\" decoding=\"async\" class=\"wp-image-15789  aligncenter\" src=\"http:\/\/www.spsressources.ch\/wordpress\/wp-content\/uploads\/2019\/03\/IMG_2342-300x225.jpg\" alt=\"\" width=\"393\" height=\"295\" srcset=\"http:\/\/www.spsressources.ch\/wordpress\/wp-content\/uploads\/2019\/03\/IMG_2342-300x225.jpg 300w, http:\/\/www.spsressources.ch\/wordpress\/wp-content\/uploads\/2019\/03\/IMG_2342-768x576.jpg 768w, http:\/\/www.spsressources.ch\/wordpress\/wp-content\/uploads\/2019\/03\/IMG_2342.jpg 960w\" sizes=\"auto, (max-width: 393px) 100vw, 393px\" \/><\/a><\/p>\n<p><strong>L<\/strong><strong>e\u00a0<\/strong><strong>plate<\/strong><strong>au \u00e0 groupes nominaux<\/strong><\/p>\n<p>Les mots peuvent \u00eatre librement utilis\u00e9s pour fabriquer des groupes nominaux.<\/p>\n<p>Ici ils ont \u00e9t\u00e9 dispos\u00e9 sur un plateau. Les noms (f\u00e9minin, masculin et pluriel) sont constitu\u00e9s d&rsquo;images afin que l&rsquo;enfant se fasse une meilleure repr\u00e9sentation que le nom est l&rsquo;\u00e9l\u00e9ment principal dans le groupe nominal.<\/p>\n<p style=\"text-align: center;\"><a href=\"http:\/\/www.spsressources.ch\/wordpress\/wp-content\/uploads\/2019\/03\/IMG_2340.jpg\"><img loading=\"lazy\" decoding=\"async\" class=\"alignnone wp-image-15787 size-medium\" src=\"http:\/\/www.spsressources.ch\/wordpress\/wp-content\/uploads\/2019\/03\/IMG_2340-300x225.jpg\" alt=\"\" width=\"300\" height=\"225\" srcset=\"http:\/\/www.spsressources.ch\/wordpress\/wp-content\/uploads\/2019\/03\/IMG_2340-300x225.jpg 300w, http:\/\/www.spsressources.ch\/wordpress\/wp-content\/uploads\/2019\/03\/IMG_2340-768x576.jpg 768w, http:\/\/www.spsressources.ch\/wordpress\/wp-content\/uploads\/2019\/03\/IMG_2340.jpg 960w\" sizes=\"auto, (max-width: 300px) 100vw, 300px\" \/><\/a><\/p>\n<p style=\"text-align: center;\">Ensuite, sur un petit plateau, l&rsquo;enfant peut fabriquer des groupes nominaux<a href=\"http:\/\/www.spsressources.ch\/wordpress\/wp-content\/uploads\/2012\/08\/IMG_2181.jpg\"><img loading=\"lazy\" decoding=\"async\" class=\"wp-image-15202 size-full alignnone\" src=\"http:\/\/www.spsressources.ch\/wordpress\/wp-content\/uploads\/2012\/08\/IMG_2181.jpg\" alt=\"\" width=\"960\" height=\"720\" srcset=\"http:\/\/www.spsressources.ch\/wordpress\/wp-content\/uploads\/2012\/08\/IMG_2181.jpg 960w, http:\/\/www.spsressources.ch\/wordpress\/wp-content\/uploads\/2012\/08\/IMG_2181-300x225.jpg 300w, http:\/\/www.spsressources.ch\/wordpress\/wp-content\/uploads\/2012\/08\/IMG_2181-768x576.jpg 768w\" sizes=\"auto, (max-width: 960px) 100vw, 960px\" \/><\/a><\/p>\n<p>&nbsp;<\/p>\n<p><a href=\"http:\/\/www.spsressources.ch\/wordpress\/wp-content\/uploads\/2012\/08\/IMG_2179.jpg\"><img loading=\"lazy\" decoding=\"async\" class=\"aligncenter wp-image-15203 size-full\" src=\"http:\/\/www.spsressources.ch\/wordpress\/wp-content\/uploads\/2012\/08\/IMG_2179.jpg\" alt=\"\" width=\"960\" height=\"720\" srcset=\"http:\/\/www.spsressources.ch\/wordpress\/wp-content\/uploads\/2012\/08\/IMG_2179.jpg 960w, http:\/\/www.spsressources.ch\/wordpress\/wp-content\/uploads\/2012\/08\/IMG_2179-300x225.jpg 300w, http:\/\/www.spsressources.ch\/wordpress\/wp-content\/uploads\/2012\/08\/IMG_2179-768x576.jpg 768w\" sizes=\"auto, (max-width: 960px) 100vw, 960px\" \/><\/a>Mais \u00e9galement des groupes pr\u00e9positionnels<\/p>\n<p><strong>La pincette pour faire des groupes nominaux<\/strong><\/p>\n<p>Certains enfants saisiront mieux la notion de groupe nominaux, en assemblant les mots avec une petite pincette<\/p>\n<p><a href=\"http:\/\/www.spsressources.ch\/wordpress\/wp-content\/uploads\/2012\/08\/IMG_2182.jpg\"><img loading=\"lazy\" decoding=\"async\" class=\"alignnone wp-image-15204 size-medium\" src=\"http:\/\/www.spsressources.ch\/wordpress\/wp-content\/uploads\/2012\/08\/IMG_2182-300x225.jpg\" alt=\"\" width=\"300\" height=\"225\" srcset=\"http:\/\/www.spsressources.ch\/wordpress\/wp-content\/uploads\/2012\/08\/IMG_2182-300x225.jpg 300w, http:\/\/www.spsressources.ch\/wordpress\/wp-content\/uploads\/2012\/08\/IMG_2182-768x576.jpg 768w, http:\/\/www.spsressources.ch\/wordpress\/wp-content\/uploads\/2012\/08\/IMG_2182.jpg 960w\" sizes=\"auto, (max-width: 300px) 100vw, 300px\" \/><\/a> <a href=\"http:\/\/www.spsressources.ch\/wordpress\/wp-content\/uploads\/2012\/08\/IMG_2183.jpg\"><img loading=\"lazy\" decoding=\"async\" class=\"alignnone wp-image-15208 size-medium\" src=\"http:\/\/www.spsressources.ch\/wordpress\/wp-content\/uploads\/2012\/08\/IMG_2183-300x225.jpg\" alt=\"\" width=\"300\" height=\"225\" srcset=\"http:\/\/www.spsressources.ch\/wordpress\/wp-content\/uploads\/2012\/08\/IMG_2183-300x225.jpg 300w, http:\/\/www.spsressources.ch\/wordpress\/wp-content\/uploads\/2012\/08\/IMG_2183-768x576.jpg 768w, http:\/\/www.spsressources.ch\/wordpress\/wp-content\/uploads\/2012\/08\/IMG_2183.jpg 960w\" sizes=\"auto, (max-width: 300px) 100vw, 300px\" \/><\/a><\/p>\n<p>aussi dans le m\u00eame th\u00e8me<a style=\"color: #0066cc; font-family: Georgia, 'Bitstream Charter', serif; line-height: 1.5;\" href=\"http:\/\/www.spsressources.ch\/wordpress\/wp-content\/uploads\/2012\/08\/Image-461.png\">\u00a0<\/a><a style=\"color: #0066cc; font-family: Georgia, 'Bitstream Charter', serif; line-height: 1.5;\" href=\"http:\/\/www.spsressources.ch\/wordpress\/?page_id=492\">La phrase chenille<\/a>\u00a0et\u00a0<a style=\"color: #0066cc; font-family: Georgia, 'Bitstream Charter', serif; line-height: 1.5;\" href=\"http:\/\/www.spsressources.ch\/wordpress\/?page_id=13476\">les crayons aidant \u00e0 retrouver les \u00e9l\u00e9ments grammaticaux constituant la phrase<\/a><\/p>\n<p><strong>Les cat\u00e9gories de mots\u00a0<\/strong><\/p>\n<p>On peut faire de m\u00eame des bo\u00eetes pour ranger les autres mots : adverbes, verbes, pronoms relatifs, etc..<\/p>\n<p style=\"text-align: left;\"><strong><a href=\"http:\/\/www.spsressources.ch\/wordpress\/wp-content\/uploads\/2019\/03\/IMG_2246.jpg\"><img loading=\"lazy\" decoding=\"async\" class=\"alignnone wp-image-15420 size-medium\" src=\"http:\/\/www.spsressources.ch\/wordpress\/wp-content\/uploads\/2019\/03\/IMG_2246-300x300.jpg\" alt=\"\" width=\"300\" height=\"300\" srcset=\"http:\/\/www.spsressources.ch\/wordpress\/wp-content\/uploads\/2019\/03\/IMG_2246-300x300.jpg 300w, http:\/\/www.spsressources.ch\/wordpress\/wp-content\/uploads\/2019\/03\/IMG_2246-150x150.jpg 150w, http:\/\/www.spsressources.ch\/wordpress\/wp-content\/uploads\/2019\/03\/IMG_2246.jpg 720w\" sizes=\"auto, (max-width: 300px) 100vw, 300px\" \/><\/a><a href=\"http:\/\/www.spsressources.ch\/wordpress\/wp-content\/uploads\/2019\/03\/IMG_2248.jpg\"><img loading=\"lazy\" decoding=\"async\" class=\"alignnone wp-image-15422 size-medium\" src=\"http:\/\/www.spsressources.ch\/wordpress\/wp-content\/uploads\/2019\/03\/IMG_2248-300x300.jpg\" alt=\"\" width=\"300\" height=\"300\" srcset=\"http:\/\/www.spsressources.ch\/wordpress\/wp-content\/uploads\/2019\/03\/IMG_2248-300x300.jpg 300w, http:\/\/www.spsressources.ch\/wordpress\/wp-content\/uploads\/2019\/03\/IMG_2248-150x150.jpg 150w, http:\/\/www.spsressources.ch\/wordpress\/wp-content\/uploads\/2019\/03\/IMG_2248.jpg 720w\" sizes=\"auto, (max-width: 300px) 100vw, 300px\" \/><\/a><\/strong><\/p>\n<p style=\"text-align: left;\"><strong>\u00a0<\/strong><\/p>\n<p style=\"text-align: left;\"><a href=\"http:\/\/pointecole.free.fr\/polices.html\">Cliquez ici pour t\u00e9l\u00e9charger les polices de carat\u00e8res Monsieur-Madame<\/a><strong><a href=\"http:\/\/www.spsressources.ch\/wordpress\/wp-content\/uploads\/2011\/10\/Image-27.png\"><img loading=\"lazy\" decoding=\"async\" title=\"Image 27\" src=\"http:\/\/www.spsressources.ch\/wordpress\/wp-content\/uploads\/2011\/10\/Image-27.png\" alt=\"\" width=\"528\" height=\"168\" \/><\/a><\/strong><\/p>\n<ul>\n<li style=\"text-align: left;\"><strong>les cartes- noms et la carte- support. <\/strong>\u00a0Cliqu<em>ez\u00a0<\/em><span style=\"text-decoration: underline;\"><span style=\"color: #800080; text-decoration: underline;\"><a href=\"http:\/\/www.spsressources.ch\/wordpress\/wp-content\/uploads\/2012\/08\/les-noms-images2.pdf\"><span style=\"color: #800080; text-decoration: underline;\">ici<\/span><\/a><\/span><\/span> <a href=\"http:\/\/www.spsressources.ch\/wordpress\/wp-content\/uploads\/2012\/08\/Image-41.png\"><img loading=\"lazy\" decoding=\"async\" class=\"size-full wp-image-4553\" title=\"Image 41\" src=\"http:\/\/www.spsressources.ch\/wordpress\/wp-content\/uploads\/2012\/08\/Image-41.png\" alt=\"\" width=\"247\" height=\"169\" srcset=\"http:\/\/www.spsressources.ch\/wordpress\/wp-content\/uploads\/2012\/08\/Image-41.png 1141w, http:\/\/www.spsressources.ch\/wordpress\/wp-content\/uploads\/2012\/08\/Image-41-300x205.png 300w, http:\/\/www.spsressources.ch\/wordpress\/wp-content\/uploads\/2012\/08\/Image-41-1024x700.png 1024w\" sizes=\"auto, (max-width: 247px) 100vw, 247px\" \/><\/a><a href=\"http:\/\/www.spsressources.ch\/wordpress\/wp-content\/uploads\/2012\/08\/Capture-d\u2019\u00e9cran-2012-08-30-\u00e0-19.53.32.png\"><img loading=\"lazy\" decoding=\"async\" title=\"Capture d\u2019\u00e9cran 2012-08-30 \u00e0 19.53.32\" src=\"http:\/\/www.spsressources.ch\/wordpress\/wp-content\/uploads\/2012\/08\/Capture-d\u2019\u00e9cran-2012-08-30-\u00e0-19.53.32.png\" alt=\"\" width=\"191\" height=\"121\" \/><\/a><\/li>\n<\/ul>\n<p><em>(\u00e0 imprimer et plasifier\u00a0 deux exemplaires\u00a0 (en garder un comme\u00a0<strong> carte-support<\/strong> et d\u00e9couper les images de l&rsquo;autre pour cr\u00e9er <strong>les cartes-mots<\/strong>)<\/em><\/p>\n<p>&nbsp;<\/p>\n<ul>\n<li style=\"text-align: left;\"><strong>la carte-d\u00e9terminant <\/strong><em>Cliquez <span style=\"text-decoration: underline;\"><span style=\"color: #800080;\"><a href=\"http:\/\/www.spsressources.ch\/wordpress\/wp-content\/uploads\/2012\/08\/d%C3%A9terminants1.pdf\"><span style=\"color: #800080; text-decoration: underline;\">ici<\/span><\/a><\/span><\/span><\/em><\/li>\n<\/ul>\n<p style=\"text-align: left;\"><a href=\"http:\/\/www.spsressources.ch\/wordpress\/wp-content\/uploads\/2012\/08\/Image-42.png\"><img loading=\"lazy\" decoding=\"async\" class=\"size-full wp-image-4568\" title=\"Image 42\" src=\"http:\/\/www.spsressources.ch\/wordpress\/wp-content\/uploads\/2012\/08\/Image-42.png\" alt=\"\" width=\"244\" height=\"169\" srcset=\"http:\/\/www.spsressources.ch\/wordpress\/wp-content\/uploads\/2012\/08\/Image-42.png 1130w, http:\/\/www.spsressources.ch\/wordpress\/wp-content\/uploads\/2012\/08\/Image-42-300x207.png 300w, http:\/\/www.spsressources.ch\/wordpress\/wp-content\/uploads\/2012\/08\/Image-42-1024x708.png 1024w\" sizes=\"auto, (max-width: 244px) 100vw, 244px\" \/><\/a><a href=\"http:\/\/www.spsressources.ch\/wordpress\/wp-content\/uploads\/2012\/08\/Capture-d%E2%80%99%C3%A9cran-2012-08-30-%C3%A0-19.53.17.png\"><img loading=\"lazy\" decoding=\"async\" title=\"Capture d\u2019\u00e9cran 2012-08-30 \u00e0 19.53.17\" src=\"http:\/\/www.spsressources.ch\/wordpress\/wp-content\/uploads\/2012\/08\/Capture-d%E2%80%99%C3%A9cran-2012-08-30-%C3%A0-19.53.17.png\" alt=\"\" width=\"219\" height=\"186\" \/><\/a><\/p>\n<address><em>(\u00e0 imprimer deux fois\u00a0 (en garder un comme\u00a0<strong> carte-support<\/strong> et d\u00e9couper les images de l&rsquo;autre pour cr\u00e9er <strong>les cartes-mots<\/strong>)<\/em><\/address>\n<p>&nbsp;<\/p>\n<p style=\"text-align: center;\"><span class=\"Apple-style-span\" style=\"font-size: 16px; color: #444444; font-family: Georgia, 'Bitstream Charter', serif; line-height: 24px;\"><br \/>\n<\/span><\/p>\n<ul>\n<li><strong>la carte- adjectifs<\/strong><\/li>\n<\/ul>\n<p><span class=\"Apple-style-span\" style=\"font-size: 16px; color: #444444; font-family: Georgia, 'Bitstream Charter', serif; line-height: 24px;\"><a href=\"http:\/\/www.spsressources.ch\/wordpress\/wp-content\/uploads\/2012\/08\/Capture-d\u2019\u00e9cran-2012-08-30-\u00e0-19.54.21.png\"><img loading=\"lazy\" decoding=\"async\" title=\"Capture d\u2019\u00e9cran 2012-08-30 \u00e0 19.54.21\" src=\"http:\/\/www.spsressources.ch\/wordpress\/wp-content\/uploads\/2012\/08\/Capture-d\u2019\u00e9cran-2012-08-30-\u00e0-19.54.21.png\" alt=\"\" width=\"357\" height=\"237\" \/><\/a><\/span><\/p>\n<ul>\n<li><strong>la carte- pr\u00e9positions<\/strong><\/li>\n<\/ul>\n<p><a href=\"http:\/\/www.spsressources.ch\/wordpress\/wp-content\/uploads\/2012\/08\/pre\u0301positions.doc\">Cliquez ici pour avoir t\u00e9l\u00e9charger le document des pre\u0301positions<\/a><\/p>\n<p><span class=\"Apple-style-span\" style=\"font-size: 16px; color: #444444; font-family: Georgia, 'Bitstream Charter', serif; line-height: 24px;\"><a href=\"http:\/\/www.spsressources.ch\/wordpress\/wp-content\/uploads\/2012\/08\/Image-40.png\"><img loading=\"lazy\" decoding=\"async\" class=\"size-full wp-image-4515\" title=\"Image 40\" src=\"http:\/\/www.spsressources.ch\/wordpress\/wp-content\/uploads\/2012\/08\/Image-40.png\" alt=\"\" width=\"323\" height=\"254\" srcset=\"http:\/\/www.spsressources.ch\/wordpress\/wp-content\/uploads\/2012\/08\/Image-40.png 538w, http:\/\/www.spsressources.ch\/wordpress\/wp-content\/uploads\/2012\/08\/Image-40-300x236.png 300w\" sizes=\"auto, (max-width: 323px) 100vw, 323px\" \/><\/a><\/span><\/p>\n<div><span class=\"Apple-style-span\" style=\"font-size: 16px; line-height: 24px;\"><br \/>\n<\/span><\/div>\n","protected":false},"excerpt":{"rendered":"<p>La bo\u00eetes bo\u00eetes pour les ranger les mots selon leur nature l&rsquo;armoire et le plateau \u00e0 groupe nominaux (voir aussi les bo\u00eetes \u00e0 groupes nominaux et pr\u00e9positionnels) Voici une petite armoire pour ranger les mots selon leur nature. Cette armoire &hellip; <a href=\"http:\/\/www.spsressources.ch\/wordpress\/?page_id=4426\">Continuer la lecture <span class=\"meta-nav\">&rarr;<\/span><\/a><\/p>\n","protected":false},"author":3472,"featured_media":0,"parent":586,"menu_order":5,"comment_status":"open","ping_status":"closed","template":"","meta":{"footnotes":""},"class_list":["post-4426","page","type-page","status-publish","hentry"],"_links":{"self":[{"href":"http:\/\/www.spsressources.ch\/wordpress\/index.php?rest_route=\/wp\/v2\/pages\/4426","targetHints":{"allow":["GET"]}}],"collection":[{"href":"http:\/\/www.spsressources.ch\/wordpress\/index.php?rest_route=\/wp\/v2\/pages"}],"about":[{"href":"http:\/\/www.spsressources.ch\/wordpress\/index.php?rest_route=\/wp\/v2\/types\/page"}],"author":[{"embeddable":true,"href":"http:\/\/www.spsressources.ch\/wordpress\/index.php?rest_route=\/wp\/v2\/users\/3472"}],"replies":[{"embeddable":true,"href":"http:\/\/www.spsressources.ch\/wordpress\/index.php?rest_route=%2Fwp%2Fv2%2Fcomments&post=4426"}],"version-history":[{"count":128,"href":"http:\/\/www.spsressources.ch\/wordpress\/index.php?rest_route=\/wp\/v2\/pages\/4426\/revisions"}],"predecessor-version":[{"id":16183,"href":"http:\/\/www.spsressources.ch\/wordpress\/index.php?rest_route=\/wp\/v2\/pages\/4426\/revisions\/16183"}],"up":[{"embeddable":true,"href":"http:\/\/www.spsressources.ch\/wordpress\/index.php?rest_route=\/wp\/v2\/pages\/586"}],"wp:attachment":[{"href":"http:\/\/www.spsressources.ch\/wordpress\/index.php?rest_route=%2Fwp%2Fv2%2Fmedia&parent=4426"}],"curies":[{"name":"wp","href":"https:\/\/api.w.org\/{rel}","templated":true}]}}