{"id":3283,"date":"2012-01-13T05:34:59","date_gmt":"2012-01-13T05:34:59","guid":{"rendered":"http:\/\/www.vallelian.net\/sps\/wordpress\/?page_id=3283"},"modified":"2015-10-08T07:00:22","modified_gmt":"2015-10-08T07:00:22","slug":"carte-soutien-a-la-converstion-de-mesures","status":"publish","type":"page","link":"http:\/\/www.spsressources.ch\/wordpress\/?page_id=3283","title":{"rendered":"Conversion d&rsquo;unit\u00e9s de mesure"},"content":{"rendered":"<p style=\"text-align: left;\"><strong>Carte support \u00e0 \u00a0la conversion d&rsquo;unit\u00e9s de mesure<\/strong><\/p>\n<p>Les cartes supports pour <strong>\u00a0convertir des<\/strong>\u00a0<strong>unit\u00e9s de mesures.<\/strong><\/p>\n<p>Cette carte-support de format A5 \u00a0accompagne l\u2019enfant dans la conversion des unit\u00e9s de mesures. Elle a \u00e9t\u00e9 cr\u00e9e pour accompagner un enfant souffrant de dyscalculie.\u00a0L&rsquo;enfant est guid\u00e9 dans la d\u00e9marche. Il \u00a0inscrit une mesure sur la carte pr\u00e9vue \u00e0 cet effet et r\u00e9alise les conversions plus facilement.<\/p>\n<p>Cette carte est \u00a0plastifi\u00e9e et permet \u00e0 l\u2019enfant de s\u2019exercer en utilisant un stylo effa\u00e7able.<\/p>\n<address style=\"text-align: center;\"><a href=\"http:\/\/www.spsressources.ch\/wordpress\/wp-content\/uploads\/2012\/01\/transforamtion-des-mesures1.pdf\"><img loading=\"lazy\" decoding=\"async\" class=\"alignnone size-full wp-image-13221\" title=\"Capture d\u2019e\u0301cran 2015-10-08 a\u0300 08.53.00\" src=\"http:\/\/www.spsressources.ch\/wordpress\/wp-content\/uploads\/2012\/01\/Capture-d\u2019e\u0301cran-2015-10-08-a\u0300-08.53.001.png\" alt=\"\" width=\"500\" height=\"398\" srcset=\"http:\/\/www.spsressources.ch\/wordpress\/wp-content\/uploads\/2012\/01\/Capture-d\u2019e\u0301cran-2015-10-08-a\u0300-08.53.001.png 625w, http:\/\/www.spsressources.ch\/wordpress\/wp-content\/uploads\/2012\/01\/Capture-d\u2019e\u0301cran-2015-10-08-a\u0300-08.53.001-300x238.png 300w\" sizes=\"auto, (max-width: 500px) 100vw, 500px\" \/><\/a><a href=\"http:\/\/www.vallelian.net\/sps\/wordpress\/wp-content\/uploads\/2012\/01\/Image-34.png\"><br \/>\n<\/a><span style=\"text-decoration: underline;\"><span style=\"color: #800080;\"><a href=\"http:\/\/www.spsressources.ch\/wordpress\/wp-content\/uploads\/2012\/01\/transforamtion-des-mesures1.pdf\"><span style=\"color: #800080; text-decoration: underline;\">Cliquez ici pour t\u00e9l\u00e9charger le document ci-dessus<\/span><\/a><\/span><\/span><\/address>\n<address style=\"text-align: center;\">\u00a0<\/address>\n<address>\u00a0<\/address>\n<address>\u00a0 \u00a0 \u00a0 \u00a0 \u00a0 \u00a0 \u00a0 \u00a0 \u00a0 \u00a0 \u00a0 \u00a0 \u00a0 \u00a0 \u00a0 \u00a0 \u00a0 \u00a0 \u00a0 \u00a0 \u00a0 \u00a0 \u00a0(ce document doit \u00eatre imprim\u00e9 en format A5 et peut \u00eatre plastifi\u00e9e)<\/address>\n<address style=\"text-align: center;\">\u00a0<\/address>\n<p style=\"text-align: center;\">Cette carte ainsi que la bande amovible sont un support \u00a0la conversion d&rsquo;unit\u00e9s de mesures.<\/p>\n<p>Ils constituent une aide visuelle favorisant la compr\u00e9hension du syst\u00e8me d\u00e9cimal et la conversion de mesures.<\/p>\n<p>&nbsp;<\/p>\n<ul>\n<li>\u00a0<strong>la carte-support de base:\u00a0<\/strong>\u00a0a \u00e9t\u00e9 plastifi\u00e9e ou ins\u00e9r\u00e9e dans une fourre plastique:<\/li>\n<\/ul>\n<p>&nbsp;<\/p>\n<ul>\n<li><strong>\u00a0la bande amovible<\/strong>\u00a0repr\u00e9sente les unit\u00e9s de mesures :<\/li>\n<\/ul>\n<p>&nbsp;<\/p>\n<p>L&rsquo;enfant inscrit les mesures au stylo effa\u00e7able sur la carte de base :\u00a0<a href=\"http:\/\/www.vallelian.net\/sps\/wordpress\/wp-content\/uploads\/2012\/01\/Capture-d\u2019\u00e9cran-2012-01-13-\u00e0-06.29.58.png\"><br \/>\n<\/a>Puis place la bande \u00e0 droite du tableau et peut \u00a0faire monter ou descendre la bande afin de comparer les unit\u00e9s de mesures et r\u00e9aliser des transformations !<\/p>\n<p><a href=\"http:\/\/www.vallelian.net\/sps\/wordpress\/wp-content\/uploads\/2012\/01\/Capture-d\u2019\u00e9cran-2012-01-13-\u00e0-06.28.38.png\"><img loading=\"lazy\" decoding=\"async\" title=\"Capture d\u2019\u00e9cran 2012-01-13 \u00e0 06.28.38\" src=\"http:\/\/www.vallelian.net\/sps\/wordpress\/wp-content\/uploads\/2012\/01\/Capture-d\u2019\u00e9cran-2012-01-13-\u00e0-06.28.38.png\" alt=\"\" width=\"4\" height=\"6\" \/><\/a><\/p>\n<p><a href=\"http:\/\/www.vallelian.net\/sps\/wordpress\/wp-content\/uploads\/2012\/01\/Capture-d\u2019\u00e9cran-2012-01-13-\u00e0-06.29.52.png\"><br \/>\n<\/a><img alt=\"\" \/><\/p>\n<address style=\"text-align: center;\">\u00a0<\/address>\n<address style=\"text-align: center;\">\u00a0<\/address>\n<address style=\"text-align: center;\"><a href=\"http:\/\/www.spsressources.ch\/wordpress\/wp-content\/uploads\/2012\/01\/Capture-d\u2019e\u0301cran-2015-10-08-a\u0300-08.58.58.png\"><img loading=\"lazy\" decoding=\"async\" class=\"size-full wp-image-13224 aligncenter\" title=\"Capture d\u2019e\u0301cran 2015-10-08 a\u0300 08.58.58\" src=\"http:\/\/www.spsressources.ch\/wordpress\/wp-content\/uploads\/2012\/01\/Capture-d\u2019e\u0301cran-2015-10-08-a\u0300-08.58.58.png\" alt=\"\" width=\"76\" height=\"285\" \/><\/a><span style=\"text-decoration: underline; color: #800080;\"><a href=\"http:\/\/www.spsressources.ch\/wordpress\/wp-content\/uploads\/2012\/01\/unit\u00e9s-de-mesurs.pdf\"><span style=\"color: #800080; text-decoration: underline;\">Cliquez ici pour t\u00e9l\u00e9charger la bande : unit\u00e9s de mesures<\/span><\/a><\/span><\/address>\n<p style=\"text-align: center;\"><a href=\"http:\/\/www.spsressources.ch\/wordpress\/wp-content\/uploads\/2012\/01\/Image-1.png\"><img loading=\"lazy\" decoding=\"async\" class=\"size-medium wp-image-7829 aligncenter\" title=\"Image 1\" src=\"http:\/\/www.spsressources.ch\/wordpress\/wp-content\/uploads\/2012\/01\/Image-1-100x300.png\" alt=\"\" width=\"100\" height=\"300\" srcset=\"http:\/\/www.spsressources.ch\/wordpress\/wp-content\/uploads\/2012\/01\/Image-1-100x300.png 100w, http:\/\/www.spsressources.ch\/wordpress\/wp-content\/uploads\/2012\/01\/Image-1.png 152w\" sizes=\"auto, (max-width: 100px) 100vw, 100px\" \/><\/a><span style=\"text-decoration: underline;\"><span style=\"color: #800080;\"><a href=\"http:\/\/www.spsressources.ch\/wordpress\/wp-content\/uploads\/2012\/01\/unit\u00e9s-de-mesure-au-carr\u00e9.pdf\"><span style=\"color: #800080; text-decoration: underline;\">Cliquez ici pour t\u00e9l\u00e9charger la bande d&rsquo;unit\u00e9s de \u00a0mesure des aires\u00a0<\/span><\/a><\/span><\/span><\/p>\n<p style=\"text-align: center;\"><a href=\"http:\/\/www.spsressources.ch\/wordpress\/wp-content\/uploads\/2012\/01\/Image-2.png\"><img loading=\"lazy\" decoding=\"async\" class=\"alignnone size-medium wp-image-7831\" title=\"Image 2\" src=\"http:\/\/www.spsressources.ch\/wordpress\/wp-content\/uploads\/2012\/01\/Image-2-100x300.png\" alt=\"\" width=\"100\" height=\"300\" \/><\/a><\/p>\n<p style=\"text-align: center;\"><span style=\"text-decoration: underline;\"><span style=\"color: #800080;\"><a href=\"http:\/\/www.spsressources.ch\/wordpress\/wp-content\/uploads\/2012\/01\/unit\u00e9s-de-mesure-au-cube.pdf\"><span style=\"color: #800080; text-decoration: underline;\">Cliquez ici pour t\u00e9l\u00e9charger la bande d&rsquo;unit\u00e9s de mesure des volumes\u00a0<\/span><\/a><\/span><\/span><\/p>\n<p style=\"text-align: left;\">\n","protected":false},"excerpt":{"rendered":"<p>Carte support \u00e0 \u00a0la conversion d&rsquo;unit\u00e9s de mesure Les cartes supports pour \u00a0convertir des\u00a0unit\u00e9s de mesures. Cette carte-support de format A5 \u00a0accompagne l\u2019enfant dans la conversion des unit\u00e9s de mesures. Elle a \u00e9t\u00e9 cr\u00e9e pour accompagner un enfant souffrant de &hellip; <a href=\"http:\/\/www.spsressources.ch\/wordpress\/?page_id=3283\">Continuer la lecture <span class=\"meta-nav\">&rarr;<\/span><\/a><\/p>\n","protected":false},"author":3472,"featured_media":0,"parent":581,"menu_order":0,"comment_status":"open","ping_status":"closed","template":"","meta":{"footnotes":""},"class_list":["post-3283","page","type-page","status-publish","hentry"],"_links":{"self":[{"href":"http:\/\/www.spsressources.ch\/wordpress\/index.php?rest_route=\/wp\/v2\/pages\/3283","targetHints":{"allow":["GET"]}}],"collection":[{"href":"http:\/\/www.spsressources.ch\/wordpress\/index.php?rest_route=\/wp\/v2\/pages"}],"about":[{"href":"http:\/\/www.spsressources.ch\/wordpress\/index.php?rest_route=\/wp\/v2\/types\/page"}],"author":[{"embeddable":true,"href":"http:\/\/www.spsressources.ch\/wordpress\/index.php?rest_route=\/wp\/v2\/users\/3472"}],"replies":[{"embeddable":true,"href":"http:\/\/www.spsressources.ch\/wordpress\/index.php?rest_route=%2Fwp%2Fv2%2Fcomments&post=3283"}],"version-history":[{"count":53,"href":"http:\/\/www.spsressources.ch\/wordpress\/index.php?rest_route=\/wp\/v2\/pages\/3283\/revisions"}],"predecessor-version":[{"id":3293,"href":"http:\/\/www.spsressources.ch\/wordpress\/index.php?rest_route=\/wp\/v2\/pages\/3283\/revisions\/3293"}],"up":[{"embeddable":true,"href":"http:\/\/www.spsressources.ch\/wordpress\/index.php?rest_route=\/wp\/v2\/pages\/581"}],"wp:attachment":[{"href":"http:\/\/www.spsressources.ch\/wordpress\/index.php?rest_route=%2Fwp%2Fv2%2Fmedia&parent=3283"}],"curies":[{"name":"wp","href":"https:\/\/api.w.org\/{rel}","templated":true}]}}