{"id":1018,"date":"2011-11-04T17:17:05","date_gmt":"2011-11-04T17:17:05","guid":{"rendered":"http:\/\/www.vallelian.net\/sps\/wordpress\/?page_id=1018"},"modified":"2016-03-10T18:01:21","modified_gmt":"2016-03-10T18:01:21","slug":"recommandations-de-bonnes-pratiques-professionnelles","status":"publish","type":"page","link":"http:\/\/www.spsressources.ch\/wordpress\/?page_id=1018","title":{"rendered":"Recommandations de bonnes pratiques professionnelles, Anesm 2009"},"content":{"rendered":"<p>La pr\u00e9sente recommandation de bonnes pratiques professionnelles s\u2019inscrit dans le cadre de la mesure 30-2 du plan Autisme 2008-2010, confi\u00e9e \u00e0 l\u2019Anesm et pr\u00e9voyant l\u2019\u00e9laboration de \u00ab crit\u00e8res de qualit\u00e9 des interventions en direction des personnes autistes pour assurer la dignit\u00e9 des personnes pour lutter contre les d\u00e9rives et les pratiques dangereuses \u00bb.<\/p>\n<p style=\"text-align: center;\"><a href=\"http:\/\/www.anesm.sante.gouv.fr\/IMG\/pdf\/reco_autisme_anesm.pdf\">Cliquez<span style=\"text-decoration: underline;\"><span style=\"color: #800080;\"><span style=\"color: #800080; text-decoration: underline;\">\u00a0ici<\/span><\/span><\/span>\u00a0pour t\u00e9l\u00e9charger ce document<\/a><\/p>\n<p style=\"text-align: center;\">\n","protected":false},"excerpt":{"rendered":"<p>La pr\u00e9sente recommandation de bonnes pratiques professionnelles s\u2019inscrit dans le cadre de la mesure 30-2 du plan Autisme 2008-2010, confi\u00e9e \u00e0 l\u2019Anesm et pr\u00e9voyant l\u2019\u00e9laboration de \u00ab crit\u00e8res de qualit\u00e9 des interventions en direction des personnes autistes pour assurer la &hellip; <a href=\"http:\/\/www.spsressources.ch\/wordpress\/?page_id=1018\">Continuer la lecture <span class=\"meta-nav\">&rarr;<\/span><\/a><\/p>\n","protected":false},"author":3472,"featured_media":0,"parent":72,"menu_order":0,"comment_status":"open","ping_status":"closed","template":"","meta":{"footnotes":""},"class_list":["post-1018","page","type-page","status-publish","hentry"],"_links":{"self":[{"href":"http:\/\/www.spsressources.ch\/wordpress\/index.php?rest_route=\/wp\/v2\/pages\/1018","targetHints":{"allow":["GET"]}}],"collection":[{"href":"http:\/\/www.spsressources.ch\/wordpress\/index.php?rest_route=\/wp\/v2\/pages"}],"about":[{"href":"http:\/\/www.spsressources.ch\/wordpress\/index.php?rest_route=\/wp\/v2\/types\/page"}],"author":[{"embeddable":true,"href":"http:\/\/www.spsressources.ch\/wordpress\/index.php?rest_route=\/wp\/v2\/users\/3472"}],"replies":[{"embeddable":true,"href":"http:\/\/www.spsressources.ch\/wordpress\/index.php?rest_route=%2Fwp%2Fv2%2Fcomments&post=1018"}],"version-history":[{"count":14,"href":"http:\/\/www.spsressources.ch\/wordpress\/index.php?rest_route=\/wp\/v2\/pages\/1018\/revisions"}],"predecessor-version":[{"id":1023,"href":"http:\/\/www.spsressources.ch\/wordpress\/index.php?rest_route=\/wp\/v2\/pages\/1018\/revisions\/1023"}],"up":[{"embeddable":true,"href":"http:\/\/www.spsressources.ch\/wordpress\/index.php?rest_route=\/wp\/v2\/pages\/72"}],"wp:attachment":[{"href":"http:\/\/www.spsressources.ch\/wordpress\/index.php?rest_route=%2Fwp%2Fv2%2Fmedia&parent=1018"}],"curies":[{"name":"wp","href":"https:\/\/api.w.org\/{rel}","templated":true}]}}